{"id":19,"date":"2013-03-17T08:41:36","date_gmt":"2013-03-17T08:41:36","guid":{"rendered":"http:\/\/prahamtb.cz\/?page_id=19"},"modified":"2022-04-17T17:17:53","modified_gmt":"2022-04-17T17:17:53","slug":"fotogalerie","status":"publish","type":"page","link":"https:\/\/prahamtb.cz\/?page_id=19","title":{"rendered":"Fotogalerie"},"content":{"rendered":"<h2><span style=\"color: #ff0000;\">Fotogalerie 2022<\/span><\/h2>\n<p><strong><span style=\"color: #0000ff;\">1.kolo Motol, 20.3.2022<\/span><\/strong><br \/>\nFotogalerii Honzy \u0160torka naleznete <a href=\"https:\/\/eu.zonerama.com\/janstorekcv47W1\/Album\/8300574\">ZDE<\/a><\/p>\n<p><strong><span style=\"color: #0000ff;\">2.kolo Kbe<\/span><\/strong><strong><span style=\"color: #0000ff;\">ly, 16.4.2022<\/span><\/strong><br \/>\nFotogalerii Viktora Zapletala naleznete <a href=\"https:\/\/us.zonerama.com\/Jara8\/Album\/1000007002\">ZDE<\/a><\/p>\n<h2><\/h2>\n<h2><span style=\"color: #ff0000;\">Fotogalerie 2021<\/span><\/h2>\n<p><strong><span style=\"color: #0000ff;\">1.kolo Beckov, 6.6.2021<\/span><\/strong><br \/>\nFotogalerii B\u00e1ry Klap naleznete <a href=\"https:\/\/eu.zonerama.com\/BarboraKlap\/Album\/7319806?fbclid=IwAR1IvVfF0n6hzpv3ETJiFkPkyvjZcIait0VDry042uBfgjfieGgibB86NhE\">ZDE<\/a><\/p>\n<p><strong><span style=\"color: #0000ff;\">2.kolo Zli\u010d\u00edn 2, 20.7.2021<\/span><\/strong><br \/>\nFotogalerii B\u00e1ry Klap naleznete\u00a0<a href=\"https:\/\/www.zonerama.com\/BarboraKlap\/Album\/7353250?fbclid=IwAR3NQXfVylgdYzSkZVul-yWQX3jETmh10WzecTR2tVH_jL4Lb17UgGIxOiU\">ZDE<\/a><\/p>\n<p><strong><span style=\"color: #0000ff;\">4.kolo Motol 1, 17.8.2021<\/span><\/strong><br \/>\nFotogalerii B\u00e1ry Klap naleznete\u00a0<a href=\"https:\/\/eu.zonerama.com\/BarboraKlap\/Album\/7443615?fbclid=IwAR0FMW9KjyksXGkzEAVVw4pyKjIs-YTsZlZmdF2fqsa8iOeF9th-N4UThC4\">ZDE<\/a><\/p>\n<p><strong><span style=\"color: #0000ff;\">5.kolo Motol 2, 18.7.2021<\/span><\/strong><br \/>\nFotogalerii B\u00e1ry Vajsejtlov\u00e9 naleznete <a href=\"https:\/\/eu.zonerama.com\/BaraVajsejtlova\/Album\/7445565\">ZDE<\/a><\/p>\n<p><strong><span style=\"color: #0000ff;\">6.kolo Kbely, 25.9.2021<\/span><\/strong><br \/>\nFotogalerii B\u00e1ry Klap naleznete\u00a0<a href=\"https:\/\/eu.zonerama.com\/BarboraKlap\/Album\/7668579?fbclid=IwAR0w4iJSBoVAOeZ1EAQs5WD4XEBOlo9SusjzPCr0mJQ_WgKVfOBCO9MzMMc\">ZDE<\/a><\/p>\n<p><strong><span style=\"color: #0000ff;\">7. kolo Libu\u0161, 26.9.2021<\/span><\/strong><br \/>\nFotogalerii B\u00e1ry Klap naleznete\u00a0<a href=\"https:\/\/eu.zonerama.com\/BarboraKlap\/Album\/7674810?fbclid=IwAR1Nu6JLJeQfuYWRPfV5v5KUN_yJEWlmYPPeP_nCHCYaUAZV63jKKkn1EjQ\">ZDE<\/a><\/p>\n<h2><\/h2>\n<h2><span style=\"color: #ff0000;\">Fotogalerie 2020<\/span><\/h2>\n<p><strong><span style=\"color: #0000ff;\">1.kolo Beckov, 7.6.2020<\/span><\/strong><br \/>\nFotogalerii B\u00e1ry Klap naleznete <a href=\"https:\/\/www.zonerama.com\/BarboraKlap\/Album\/6284628?fbclid=IwAR1DiN-5QMpV6qaVvZMApYfrzojuCWK0YVqFe6ut-ufKBSuZX99aHheO-OQ\">ZDE<\/a><\/p>\n<p><strong><span style=\"color: #0000ff;\">2.kolo Kbely, 21.6.2020<\/span><\/strong><br \/>\nFotogalerii\u00a0Dany Mohrov\u00e9\u00a0naleznete <a href=\"https:\/\/dejna13.rajce.idnes.cz\/Prazsky_pohar_MTB%2C_Kbely%2C_21.6.2020\/?utm_source=notification&amp;utm_medium=email&amp; Fotogalerii od Karla Kub\u00edna naleznete &lt;a href=\">ZDE<\/a><br \/>\nFotogalerii od Karla Kub\u00edna naleznete <a href=\"https:\/\/photos.google.com\/share\/AF1QipMmhMCYMdULQk8c-pLVK2YtSN45bJXaKSs5ZU6tIQGOPZaT7mZbaDKtALkAhT_fGA?pli=1&amp;key=dUZEdVNVbjJLODNOcTc0M2YtTE1XRmpiV1B1cWtB\">ZDE<\/a><br \/>\nFotogalerii od Jarky Krakovi\u010dov\u00e9 naleznete <a href=\"https:\/\/prahamtb.rajce.idnes.cz\/SKODA_Tomket_Prazsky_MTB_pohar_2020_2.kolo_Kbely\">ZDE<\/a><br \/>\nFotogalerii od Hany Matou\u0161kov\u00e9 naleznete <a href=\"https:\/\/biketeamkralupy.rajce.idnes.cz\/prazsky_mtb_pohar_Kbely%2C_21.6.2020\/\">ZDE<\/a><\/p>\n<p><strong><span style=\"color: #0000ff;\">3.kolo Zli\u010d\u00edn 1, 27.6.2020<\/span><\/strong><br \/>\nFotogalerii B\u00e1ry Klap naleznete\u00a0<a href=\"https:\/\/www.zonerama.com\/BarboraKlap\/Album\/6331945?fbclid=IwAR2U6fR_eNif9CZy5Fggs9C6WzT5vWGVD23soYTuBB7hH0tH8IhpX-GWLl8\">ZDE<\/a><\/p>\n<p><strong><span style=\"color: #0000ff;\">4.kolo Zli\u010d\u00edn 2, 28.6.2020<\/span><\/strong><br \/>\nFotogalerii B\u00e1ry Klap naleznete\u00a0<a href=\"https:\/\/www.zonerama.com\/BarboraKlap\/Album\/6334860\">ZDE<\/a><\/p>\n<p><strong><span style=\"color: #0000ff;\">5. kolo Libu\u0161, 12.9.2020<\/span><\/strong><br \/>\nFotogalerii B\u00e1ry Klap naleznete\u00a0<a href=\"https:\/\/www.zonerama.com\/BarboraKlap\/Album\/6562232?fbclid=IwAR0kvph4WTuUIH8yNd4iq_iK84Q8t_yzE-0DfCGFvY4V46BYef0eNLlGHLI\">ZDE<\/a><\/p>\n<h2><span style=\"color: #ff0000;\">Fotogalerie 2019<\/span><\/h2>\n<p><strong><span style=\"color: #0000ff;\">1.kolo Jene\u010d, 24.3.2019<\/span><\/strong><br \/>\nFotogalerii B\u00e1ry Klap naleznete\u00a0<a style=\"color: #89090b;\" href=\"https:\/\/www.zonerama.com\/BarboraKlap\/Album\/5184963?fbclid=IwAR2oqX59ex6_lnOZTyVNJlc36kiND_uCJ4jM0GUzZnFyYKTZ3ZjTp8r8ogA\">ZDE<\/a><\/p>\n<p><strong><span style=\"color: #0000ff;\">2.kolo Zli\u010d\u00edn, 8.4.2019<\/span><\/strong><br \/>\nFotogalerii B\u00e1ry Klap naleznete\u00a0<a style=\"color: #89090b;\" href=\"https:\/\/www.zonerama.com\/BarboraKlap\/Album\/5234903?fbclid=IwAR3a44SWc0sp20LmzJ22JFcLibJTRUVvMSxyoqMDimzh19iG3E-fMNWseXw\">ZDE<\/a><\/p>\n<p><strong><span style=\"color: #0000ff;\">3.kolo Beckov, 1.5.2019<\/span><\/strong><br \/>\nFotogalerii B\u00e1ry Klap naleznete\u00a0<a style=\"color: #89090b;\" href=\"https:\/\/www.zonerama.com\/BarboraKlap\/Album\/5274503?fbclid=IwAR3cBKGfkvux7VNrq5XmLQYOwYsaSxkjEbXRXljVLAYGpW8QkkW6T_xW6pc\">ZDE<\/a><\/p>\n<p><strong><span style=\"color: #0000ff;\">4.kolo Kbely, 8.5.2019<\/span><\/strong><br \/>\nFotogalerii B\u00e1ry Klap naleznete\u00a0<a style=\"color: #89090b;\" href=\"https:\/\/www.zonerama.com\/BarboraKlap\/Album\/5290086?fbclid=IwAR0cdRKwQoxrn3qe3fgMPtQO4ynZTYg-7L1sZ0iIZgNcGeS9e_GojaBVHVU\">ZDE<\/a><\/p>\n<p><strong><span style=\"color: #0000ff;\">5.kolo Libu\u0161, 7.9.2019<\/span><\/strong><br \/>\nFotogalerii B\u00e1ry Vajsejtlov\u00e9 z 5.kola, Libu\u0161 naleznete\u00a0<a style=\"color: #89090b;\" href=\"https:\/\/baravajsejtlova.rajce.idnes.cz\/PP_Libus_019\/?\">ZDE<\/a><\/p>\n<p><strong><span style=\"color: #0000ff;\">6.kolo Zli\u010d\u00edn, 8.9.2019<\/span><\/strong><br \/>\nFologalerii B\u00e1ry Klap ze 6.kola, Zli\u010d\u00edn naleznete\u00a0<a style=\"color: #89090b;\" href=\"https:\/\/www.zonerama.com\/BarboraKlap\/Album\/5593104?fbclid=IwAR0miqyziIRmaJ6xmz4Alwh96RsvkDw-odsPRl7jdOUQrz-9sutR9O-bqJU\">ZDE<\/a><\/p>\n<p>[nggalbum id=3 template=extend]<\/p>\n","protected":false},"excerpt":{"rendered":"<a href=\"https:\/\/prahamtb.cz\/?page_id=19\"><img width=\"150\" src=\"\" class=\"alignleft wp-post-image tfe\" alt=\"\" title=\"\" \/><\/a><p>Fotogalerie 2022 1.kolo Motol, 20.3.2022 Fotogalerii Honzy \u0160torka naleznete ZDE 2.kolo Kbely, 16.4.2022 Fotogalerii Viktora Zapletala naleznete ZDE Fotogalerie 2021 1.kolo Beckov, 6.6.2021 Fotogalerii B\u00e1ry Klap naleznete ZDE 2.kolo Zli\u010d\u00edn 2, 20.7.2021 Fotogalerii B\u00e1ry Klap naleznete\u00a0ZDE 4.kolo Motol 1, 17.8.2021 Fotogalerii B\u00e1ry Klap naleznete\u00a0ZDE 5.kolo Motol 2, 18.7.2021 Fotogalerii B\u00e1ry Vajsejtlov\u00e9 naleznete ZDE 6.kolo Kbely, [&hellip;]<\/p>\n","protected":false},"author":1,"featured_media":0,"parent":0,"menu_order":2,"comment_status":"closed","ping_status":"closed","template":"","meta":[],"_links":{"self":[{"href":"https:\/\/prahamtb.cz\/index.php?rest_route=\/wp\/v2\/pages\/19"}],"collection":[{"href":"https:\/\/prahamtb.cz\/index.php?rest_route=\/wp\/v2\/pages"}],"about":[{"href":"https:\/\/prahamtb.cz\/index.php?rest_route=\/wp\/v2\/types\/page"}],"author":[{"embeddable":true,"href":"https:\/\/prahamtb.cz\/index.php?rest_route=\/wp\/v2\/users\/1"}],"replies":[{"embeddable":true,"href":"https:\/\/prahamtb.cz\/index.php?rest_route=%2Fwp%2Fv2%2Fcomments&post=19"}],"version-history":[{"count":26,"href":"https:\/\/prahamtb.cz\/index.php?rest_route=\/wp\/v2\/pages\/19\/revisions"}],"predecessor-version":[{"id":6335,"href":"https:\/\/prahamtb.cz\/index.php?rest_route=\/wp\/v2\/pages\/19\/revisions\/6335"}],"wp:attachment":[{"href":"https:\/\/prahamtb.cz\/index.php?rest_route=%2Fwp%2Fv2%2Fmedia&parent=19"}],"curies":[{"name":"wp","href":"https:\/\/api.w.org\/{rel}","templated":true}]}}